{"id":639,"date":"2018-02-28T03:07:03","date_gmt":"2018-02-28T02:07:03","guid":{"rendered":"http:\/\/www.madia.fr\/?page_id=639"},"modified":"2018-02-28T18:58:59","modified_gmt":"2018-02-28T17:58:59","slug":"lecole-de-la-seconde-chance","status":"publish","type":"page","link":"http:\/\/www.madia.fr\/?page_id=639","title":{"rendered":"L&rsquo;Ecole de la Seconde Chance"},"content":{"rendered":"<p>&nbsp;<\/p>\n<p>L&rsquo;association MADiA, main dans la main avec l&rsquo;Association Internationale des Charit\u00e9s (AIC) \u00e0 Fianarantsoa, a ouvert le jeudi 11 janvier 2018 son centre de rescolarisation. <span style=\"color: #ff6600;\"><strong>L&rsquo;Ecole de la Seconde Chance<\/strong><\/span> (ESC) permet \u00e0 15 jeunes des bas quartiers de Fianarantsoa de retrouver les bancs de l&rsquo;\u00e9cole<\/p>\n<div id=\"attachment_626\" style=\"width: 522px\" class=\"wp-caption aligncenter\"><a href=\"http:\/\/www.madia.fr\/wp-content\/uploads\/2018\/02\/IMG_1640.jpg\"><img loading=\"lazy\" decoding=\"async\" aria-describedby=\"caption-attachment-626\" class=\"wp-image-626 size-full\" src=\"http:\/\/www.madia.fr\/wp-content\/uploads\/2018\/02\/IMG_1640-e1519840589311.jpg\" alt=\"\" width=\"512\" height=\"335\" \/><\/a><p id=\"caption-attachment-626\" class=\"wp-caption-text\">Nos \u00e9l\u00e8ves et leur \u00e9ducateur sp\u00e9cialis\u00e9. L&rsquo;Ecole est ici ! https:\/\/goo.gl\/maps\/3zkvVtpv4jH2<\/p><\/div>\n<p>&nbsp;<\/p>\n<p>Notre Ecole est n\u00e9e du constat des b\u00e9n\u00e9voles de l&rsquo;AIC d&rsquo;abandon scolaire toujours plus fr\u00e9quent parmi les \u00e9l\u00e8ves de Fianarantsoa. <span style=\"text-decoration: underline;\">Les \u00e9l\u00e8ves de l&rsquo;ESC \u00e9taient d\u00e9j\u00e0 connus<\/span> de notre \u00e9quipe p\u00e9dagogique, qui les avait accompagn\u00e9s pendant leur classe de maternelle, ou bien pour du soutien scolaire en classe de primaire.<\/p>\n<p><span style=\"color: #ff6600;\"><strong>L&rsquo;ESC est une \u00e9cole doublement ancr\u00e9e<\/strong><\/span> : un projet ancr\u00e9 sur l&rsquo;envie d&rsquo;agir des b\u00e9n\u00e9voles l&rsquo;AIC-Fianarantsoa et de MADiA, des \u00e9l\u00e8ves ancr\u00e9s \u00e0 un foyer.<\/p>\n<p>&nbsp;<\/p>\n<p>Notre objectif est d&#8217;emmener nos \u00e9l\u00e8ves au-del\u00e0 de la pr\u00e9carit\u00e9 qui leur \u00e9tait promise, leur donnant \u00e9ducation et savoirs pour les \u00e9manciper. A la sortie de l&rsquo;ESC, ils entreront dans un <span style=\"text-decoration: underline;\">centre de formation professionnelle<\/span> afin d&rsquo;apprendre un m\u00e9tier qui les fera vivre.<\/p>\n<p>Pour y parvenir, nous comptons sur <span style=\"color: #ff6600;\"><strong>un lien \u00e9troit entre MADiA et l&rsquo;AIC<\/strong><\/span>. Des visio-conf\u00e9rences r\u00e9guli\u00e8res entre Fianarantsoa et Cachan, entre l&rsquo;\u00e9quipe des femmes b\u00e9n\u00e9voles de l&rsquo;AIC, et le bureau de MADiA, pour faire parvenir \u00e0 l&rsquo;ESC-Fianarantsoa les ressources de sa r\u00e9ussite.<\/p>\n<p>C&rsquo;est ce partenariat qui fait vivre l&rsquo;ESC : une \u00e9quipe de 3 enseignants a \u00e9t\u00e9 constitu\u00e9e, un \u00e9ducateur favorise les r\u00e9insertion sociale et un <span style=\"text-decoration: underline;\">conseil p\u00e9dagogique hebdomadaire<\/span> suit au plus proche les progr\u00e8s et difficult\u00e9s des \u00e9l\u00e8ves.<\/p>\n<p>Plusieurs \u00e9changes par semaine permettent \u00e0 MADiA de pr\u00eater main forte \u00e0 l&rsquo;AIC en organisant des missions et en suscitant de nouveaux partenariats, pour la r\u00e9ussite de nos \u00e9l\u00e8ves.<\/p>\n<p>&nbsp;<\/p>\n<p>Et les r\u00e9sultats sont l\u00e0 ! Nos enseignants nous confirment<span style=\"color: #ff6600;\"><strong> motivation et progr\u00e8s<\/strong><\/span> scolaires chez nos \u00e9l\u00e8ves !<br \/>\nNous leur souhaitons le meilleur.<\/p>\n<p>&nbsp;<\/p>\n","protected":false},"excerpt":{"rendered":"<p>&nbsp; L&rsquo;association MADiA, main dans la main avec l&rsquo;Association Internationale des Charit\u00e9s (AIC) \u00e0 Fianarantsoa, a ouvert le jeudi 11 janvier 2018 son centre de rescolarisation. L&rsquo;Ecole de la Seconde Chance (ESC) permet \u00e0 15 jeunes des bas quartiers de Fianarantsoa de retrouver les bancs de l&rsquo;\u00e9cole &nbsp; Notre Ecole est n\u00e9e du constat des [&hellip;]<\/p>\n","protected":false},"author":4,"featured_media":0,"parent":473,"menu_order":0,"comment_status":"closed","ping_status":"closed","template":"","meta":{"footnotes":""},"class_list":["post-639","page","type-page","status-publish","hentry"],"_links":{"self":[{"href":"http:\/\/www.madia.fr\/index.php?rest_route=\/wp\/v2\/pages\/639","targetHints":{"allow":["GET"]}}],"collection":[{"href":"http:\/\/www.madia.fr\/index.php?rest_route=\/wp\/v2\/pages"}],"about":[{"href":"http:\/\/www.madia.fr\/index.php?rest_route=\/wp\/v2\/types\/page"}],"author":[{"embeddable":true,"href":"http:\/\/www.madia.fr\/index.php?rest_route=\/wp\/v2\/users\/4"}],"replies":[{"embeddable":true,"href":"http:\/\/www.madia.fr\/index.php?rest_route=%2Fwp%2Fv2%2Fcomments&post=639"}],"version-history":[{"count":2,"href":"http:\/\/www.madia.fr\/index.php?rest_route=\/wp\/v2\/pages\/639\/revisions"}],"predecessor-version":[{"id":650,"href":"http:\/\/www.madia.fr\/index.php?rest_route=\/wp\/v2\/pages\/639\/revisions\/650"}],"up":[{"embeddable":true,"href":"http:\/\/www.madia.fr\/index.php?rest_route=\/wp\/v2\/pages\/473"}],"wp:attachment":[{"href":"http:\/\/www.madia.fr\/index.php?rest_route=%2Fwp%2Fv2%2Fmedia&parent=639"}],"curies":[{"name":"wp","href":"https:\/\/api.w.org\/{rel}","templated":true}]}}