{"id":1265,"date":"2021-05-07T07:43:04","date_gmt":"2021-05-07T06:43:04","guid":{"rendered":"http:\/\/www.madia.fr\/?p=1265"},"modified":"2023-02-04T09:56:31","modified_gmt":"2023-02-04T08:56:31","slug":"travaux-de-rehabilitation-dans-lenceinte-de-laic-a-fianarantsoa","status":"publish","type":"page","link":"https:\/\/www.madia.fr\/?page_id=1265","title":{"rendered":"R\u00e9habilitations dans l&rsquo;enceinte de l&rsquo;AIC"},"content":{"rendered":"\n<p>Cette ann\u00e9e, plus pr\u00e9cis\u00e9ment en cette p\u00e9riode de confinement o\u00f9 il n&rsquo;y a pas d&rsquo;activit\u00e9s p\u00e9dagogiques \u00e0 l&rsquo;AIC et \u00e0 l&rsquo;ESC , le temps  disponible a \u00e9t\u00e9 mis \u00e0 profit pour r\u00e9habiliter la cuisine, la salle pour l&rsquo;atelier-cuisine, la salle du pr\u00e9scolaire, le vestiaire et l&rsquo;installation \u00e9lectrique.<\/p>\n\n\n\n<figure class=\"wp-block-image size-large is-resized is-style-default\"><a href=\"http:\/\/www.madia.fr\/wp-content\/uploads\/2021\/05\/PORTE-scaled.jpg\"><img loading=\"lazy\" decoding=\"async\" src=\"http:\/\/www.madia.fr\/wp-content\/uploads\/2021\/05\/PORTE-1024x768.jpg\" alt=\"\" class=\"wp-image-1269\" width=\"512\" height=\"384\" srcset=\"https:\/\/www.madia.fr\/wp-content\/uploads\/2021\/05\/PORTE-1024x768.jpg 1024w, https:\/\/www.madia.fr\/wp-content\/uploads\/2021\/05\/PORTE-300x225.jpg 300w, https:\/\/www.madia.fr\/wp-content\/uploads\/2021\/05\/PORTE-768x576.jpg 768w, https:\/\/www.madia.fr\/wp-content\/uploads\/2021\/05\/PORTE-1536x1152.jpg 1536w, https:\/\/www.madia.fr\/wp-content\/uploads\/2021\/05\/PORTE-2048x1536.jpg 2048w\" sizes=\"auto, (max-width: 512px) 100vw, 512px\" \/><\/a><figcaption class=\"wp-element-caption\">La  cuisine avec sa nouvelle porte m\u00e9tallique (C&rsquo;\u00e9tait auparavant une cuisine ouverte). La s\u00e9curit\u00e9 est garantie et les cuisini\u00e8res pourront y travailler dans de bonnes conditions.Elle a \u00e9t\u00e9 pourvue d&rsquo;une paillasse et d&rsquo;un coin \u00e9vier. <\/figcaption><\/figure>\n\n\n\n<figure class=\"wp-block-image size-large is-resized\"><a href=\"http:\/\/www.madia.fr\/wp-content\/uploads\/2021\/05\/Placard-avec-porte-en-bois-600-x-450.jpg\"><img loading=\"lazy\" decoding=\"async\" src=\"http:\/\/www.madia.fr\/wp-content\/uploads\/2021\/05\/Placard-avec-porte-en-bois-600-x-450.jpg\" alt=\"\" class=\"wp-image-1266\" width=\"300\" height=\"225\" srcset=\"https:\/\/www.madia.fr\/wp-content\/uploads\/2021\/05\/Placard-avec-porte-en-bois-600-x-450.jpg 600w, https:\/\/www.madia.fr\/wp-content\/uploads\/2021\/05\/Placard-avec-porte-en-bois-600-x-450-300x225.jpg 300w\" sizes=\"auto, (max-width: 300px) 100vw, 300px\" \/><\/a><figcaption class=\"wp-element-caption\">La salle atelier- cuisine . Des placards avec porte ont \u00e9t\u00e9 install\u00e9s  permettant un rangement des ustensiles, \u00e0 l&rsquo;abri de la poussi\u00e8re.<\/figcaption><\/figure>\n\n\n\n<figure class=\"wp-block-image size-large is-resized\"><a href=\"http:\/\/www.madia.fr\/wp-content\/uploads\/2021\/05\/salle-presco-2-600-x-450.jpg\"><img loading=\"lazy\" decoding=\"async\" src=\"http:\/\/www.madia.fr\/wp-content\/uploads\/2021\/05\/salle-presco-2-600-x-450.jpg\" alt=\"\" class=\"wp-image-1268\" width=\"300\" height=\"225\" srcset=\"https:\/\/www.madia.fr\/wp-content\/uploads\/2021\/05\/salle-presco-2-600-x-450.jpg 600w, https:\/\/www.madia.fr\/wp-content\/uploads\/2021\/05\/salle-presco-2-600-x-450-300x225.jpg 300w\" sizes=\"auto, (max-width: 300px) 100vw, 300px\" \/><\/a><\/figure>\n\n\n\n<p> La salle  du pr\u00e9scolaire a \u00e9t\u00e9 peinte en blanc (la partie sup\u00e9rieure) et en grenat (la partie inf\u00e9rieure). Elle est actuellement bien \u00e9clair\u00e9e par une lampe nouvellement install\u00e9e (Une lampe LED \u00e9conomique en \u00e9nergie) et \u00e9quip\u00e9e  d&rsquo;un tableau repeinte en noir .<\/p>\n","protected":false},"excerpt":{"rendered":"<p>Cette ann\u00e9e, plus pr\u00e9cis\u00e9ment en cette p\u00e9riode de confinement o\u00f9 il n&rsquo;y a pas d&rsquo;activit\u00e9s p\u00e9dagogiques \u00e0 l&rsquo;AIC et \u00e0 l&rsquo;ESC , le temps disponible a \u00e9t\u00e9 mis \u00e0 profit pour r\u00e9habiliter la cuisine, la salle pour l&rsquo;atelier-cuisine, la salle du pr\u00e9scolaire, le vestiaire et l&rsquo;installation \u00e9lectrique. La salle du pr\u00e9scolaire a \u00e9t\u00e9 peinte en [&hellip;]<\/p>\n","protected":false},"author":1,"featured_media":0,"parent":0,"menu_order":0,"comment_status":"closed","ping_status":"open","template":"","meta":{"footnotes":""},"class_list":["post-1265","page","type-page","status-publish","hentry"],"_links":{"self":[{"href":"https:\/\/www.madia.fr\/index.php?rest_route=\/wp\/v2\/pages\/1265","targetHints":{"allow":["GET"]}}],"collection":[{"href":"https:\/\/www.madia.fr\/index.php?rest_route=\/wp\/v2\/pages"}],"about":[{"href":"https:\/\/www.madia.fr\/index.php?rest_route=\/wp\/v2\/types\/page"}],"author":[{"embeddable":true,"href":"https:\/\/www.madia.fr\/index.php?rest_route=\/wp\/v2\/users\/1"}],"replies":[{"embeddable":true,"href":"https:\/\/www.madia.fr\/index.php?rest_route=%2Fwp%2Fv2%2Fcomments&post=1265"}],"version-history":[{"count":16,"href":"https:\/\/www.madia.fr\/index.php?rest_route=\/wp\/v2\/pages\/1265\/revisions"}],"predecessor-version":[{"id":1616,"href":"https:\/\/www.madia.fr\/index.php?rest_route=\/wp\/v2\/pages\/1265\/revisions\/1616"}],"wp:attachment":[{"href":"https:\/\/www.madia.fr\/index.php?rest_route=%2Fwp%2Fv2%2Fmedia&parent=1265"}],"curies":[{"name":"wp","href":"https:\/\/api.w.org\/{rel}","templated":true}]}}